{"id":1193,"date":"2018-08-30T13:06:56","date_gmt":"2018-08-30T16:06:56","guid":{"rendered":"https:\/\/ifdbellavista-crr.infd.edu.ar\/sitio\/autoridades\/"},"modified":"2026-04-08T17:16:00","modified_gmt":"2026-04-08T20:16:00","slug":"autoridades","status":"publish","type":"page","link":"https:\/\/ifdbellavista-crr.infd.edu.ar\/sitio\/autoridades\/","title":{"rendered":"Autoridades"},"content":{"rendered":"<p><strong>\u00a0<\/strong><\/p>\n<table style=\"width: 496px; height: 327px; background-color: #f0f8ff;\" border=\"0\">\n<tbody>\n<tr style=\"background-color: #f0f8ff;\">\n<td style=\"background-color: #35c6c9;\" valign=\"top\">\n<h5><span style=\"font-family: arial, helvetica, sans-serif; color: #000000; font-size: 14pt;\" data-mce-mark=\"1\"><strong>Rectora<\/strong><\/span><\/h5>\n<\/td>\n<\/tr>\n<tr style=\"background-color: #f0f8ff;\">\n<td>\n<ul>\n<li>\u00a0Licenciada Adriana Legal<\/li>\n<\/ul>\n<\/td>\n<\/tr>\n<tr style=\"background-color: #f0f8ff;\">\n<td style=\"background-color: #34c1ca;\" valign=\"top\">\n<h5><span style=\"font-family: arial, helvetica, sans-serif; color: #000000; font-size: 14pt;\" data-mce-mark=\"1\"><strong>Vice-Rectora<\/strong><\/span><\/h5>\n<\/td>\n<\/tr>\n<tr style=\"background-color: #f0f8ff;\">\n<td>\n<ul>\n<li>\n<h6><span id=\"MainContent_Docente_Nombre\">Licenciada Mendoza Behr Luz Roc\u00edo<\/span><\/h6>\n<\/li>\n<\/ul>\n<\/td>\n<\/tr>\n<tr style=\"background-color: #f0f8ff;\">\n<td style=\"background-color: #3cc2c2;\" valign=\"top\">\n<h5><span style=\"font-family: arial, helvetica, sans-serif; font-size: 14pt;\"><strong><span style=\"color: #3333cc;\" data-mce-mark=\"1\"><em><span style=\"color: #000000;\" data-mce-mark=\"1\">\u00a0<\/span><\/em><\/span><span style=\"color: #000000;\" data-mce-mark=\"1\">Coordinadores de \u00e1reas<\/span><\/strong><\/span><\/h5>\n<\/td>\n<\/tr>\n<tr style=\"background-color: #f0f8ff;\">\n<td>\n<ul>\n<li><strong>Secretar\u00eda Acad\u00e9mica:<\/strong> Vacante<\/li>\n<li><strong>Coordinaci\u00f3n de Formaci\u00f3n Inicial:\u00a0<\/strong> Fernandez Lucila<\/li>\n<li><strong>Coordinaci\u00f3n de pr\u00e1cticas docentes:<\/strong> Cecilia Kohler<\/li>\n<li><strong>Coordinaci\u00f3n de pr\u00e1cticas profesionalizantes: <\/strong>Susana C\u00f3rdoba<\/li>\n<li><strong>Coordinaci\u00f3n de apoyo pedag\u00f3gico a escuelas:<\/strong> Vanesa Dal Pozzolo<\/li>\n<li><strong>Coordinaci\u00f3n de formaci\u00f3n continua:<\/strong>\u00a0Soledad Masseroni<\/li>\n<li><strong>Coordinaci\u00f3n de investigaci\u00f3n:<\/strong> Aldetere Carolina<\/li>\n<li><strong>Coordinadora de Pol\u00edticas Estudiantiles: <\/strong>Fernanda Haberle<\/li>\n<li><strong>Coordinador de Sub Sede 9 de julio:<\/strong> Mazzuchini Alejandro<\/li>\n<\/ul>\n<\/td>\n<\/tr>\n<tr style=\"background-color: #f0f8ff;\">\n<td style=\"background-color: #3cc2c2;\" valign=\"top\"><span style=\"font-family: arial, helvetica, sans-serif; font-size: 14pt;\"><strong><span style=\"color: #3333cc;\" data-mce-mark=\"1\"><em><span style=\"color: #000000;\" data-mce-mark=\"1\">\u00a0<\/span><\/em><\/span><span style=\"color: #000000;\" data-mce-mark=\"1\">Coordinadores de Carrera<\/span><\/strong><\/span><\/td>\n<\/tr>\n<tr style=\"background-color: #f0f8ff;\">\n<td>\n<ul>\n<li><strong>Coordinadora del Profesorado para la Educaci\u00f3n Primaria:<\/strong> D\u00e9bora Pozzer<\/li>\n<li><strong>Coordinadora del Profesorado para la Educaci\u00f3n Secundaria en Historia: <\/strong>Roxana Echavarr\u00eda<\/li>\n<li><strong>Coordinadora del Profesorado de Educaci\u00f3n Secundaria en Matem\u00e1tica:<\/strong> Selva Toledo<\/li>\n<li><strong>Coordinadora del Profesorado de Educaci\u00f3n Secundaria en Lengua y Literatura:<\/strong> Analia Bazzi<\/li>\n<li><strong>Coordinadora del Profesorado de Educaci\u00f3n Secundaria en<\/strong> <strong>Biolog\u00eda:<\/strong>\u00a0 Ivana Guzm\u00e1n<\/li>\n<li><strong>Coordinadora del Profesorado de Educaci\u00f3n Secundaria en<\/strong> <strong>Qu\u00edmica:<\/strong>\u00a0Elena Cuevas<\/li>\n<li><strong>Coordinadora del Profesorado de Educaci\u00f3n Secundaria en<\/strong>\u00a0<strong>en Ingl\u00e9s<\/strong>: Vacante<\/li>\n<li><strong>Coordinadora del Profesorado de Educaci\u00f3n Secundaria en Educaci\u00f3n F\u00edsica: <\/strong>Mayra Robledo<\/li>\n<li><strong>Coordinadora de la Tecnicatura Superior en Dise\u00f1o Gr\u00e1fico y Multimedial:<\/strong> Griselda Corach<\/li>\n<li><strong>Coordinador de la Tecnicatura Superior en Infraestructura Inform\u00e1tica:<\/strong> Mariela Puelman<\/li>\n<li><strong>Coordinador de la Tecnicatura en Alimentos:<\/strong> Yanina Robledo<\/li>\n<li><strong>Coordinador de la Tecnicatura Superior en Producci\u00f3n Frutihort\u00edcola:<\/strong> Facundo Gonz\u00e1lez<\/li>\n<li><strong>Coordinadora de Capacitaciones:<\/strong> Vacante<\/li>\n<\/ul>\n<\/td>\n<\/tr>\n<\/tbody>\n<\/table>\n","protected":false},"excerpt":{"rendered":"<p>\u00a0 Rectora \u00a0Licenciada Adriana Legal Vice-Rectora Licenciada Mendoza Behr Luz Roc\u00edo \u00a0Coordinadores de \u00e1reas Secretar\u00eda Acad\u00e9mica: Vacante Coordinaci\u00f3n de Formaci\u00f3n Inicial:\u00a0 Fernandez Lucila Coordinaci\u00f3n de pr\u00e1cticas docentes: Cecilia Kohler Coordinaci\u00f3n de pr\u00e1cticas profesionalizantes: Susana C\u00f3rdoba Coordinaci\u00f3n de apoyo pedag\u00f3gico a escuelas: Vanesa Dal Pozzolo Coordinaci\u00f3n de formaci\u00f3n continua:\u00a0Soledad Masseroni Coordinaci\u00f3n de investigaci\u00f3n: Aldetere Carolina Coordinadora &#8230; <a title=\"Autoridades\" class=\"read-more\" href=\"https:\/\/ifdbellavista-crr.infd.edu.ar\/sitio\/autoridades\/\" aria-label=\"More on Autoridades\">[+]<\/a><\/p>\n","protected":false},"author":854,"featured_media":0,"parent":0,"menu_order":0,"comment_status":"closed","ping_status":"closed","template":"","meta":[],"acf":[],"_links":{"self":[{"href":"https:\/\/ifdbellavista-crr.infd.edu.ar\/sitio\/wp-json\/wp\/v2\/pages\/1193"}],"collection":[{"href":"https:\/\/ifdbellavista-crr.infd.edu.ar\/sitio\/wp-json\/wp\/v2\/pages"}],"about":[{"href":"https:\/\/ifdbellavista-crr.infd.edu.ar\/sitio\/wp-json\/wp\/v2\/types\/page"}],"author":[{"embeddable":true,"href":"https:\/\/ifdbellavista-crr.infd.edu.ar\/sitio\/wp-json\/wp\/v2\/users\/854"}],"replies":[{"embeddable":true,"href":"https:\/\/ifdbellavista-crr.infd.edu.ar\/sitio\/wp-json\/wp\/v2\/comments?post=1193"}],"version-history":[{"count":19,"href":"https:\/\/ifdbellavista-crr.infd.edu.ar\/sitio\/wp-json\/wp\/v2\/pages\/1193\/revisions"}],"predecessor-version":[{"id":1861,"href":"https:\/\/ifdbellavista-crr.infd.edu.ar\/sitio\/wp-json\/wp\/v2\/pages\/1193\/revisions\/1861"}],"wp:attachment":[{"href":"https:\/\/ifdbellavista-crr.infd.edu.ar\/sitio\/wp-json\/wp\/v2\/media?parent=1193"}],"curies":[{"name":"wp","href":"https:\/\/api.w.org\/{rel}","templated":true}]}}